{"id":29,"date":"2019-03-12T09:27:52","date_gmt":"2019-03-12T09:27:52","guid":{"rendered":"https:\/\/que-barato.es\/blog\/?page_id=29"},"modified":"2020-10-21T12:33:35","modified_gmt":"2020-10-21T10:33:35","slug":"aviso-legal","status":"publish","type":"page","link":"https:\/\/que-sofas.es\/blog\/aviso-legal\/","title":{"rendered":"Aviso legal"},"content":{"rendered":"[vc_row][vc_column][vc_column_text css=\u00bb.vc_custom_1603276413819{margin-bottom: 0px !important;}\u00bb]\n<ul>\n<li><strong>OBJETO Y ACEPTACI\u00d3N<\/strong><\/li>\n<\/ul>\n<p>El presente AVISO LEGAL tiene por objeto regular el acceso, navegaci\u00f3n y, en general, la relaci\u00f3n entre <strong>Esa XXI, S.C.A<\/strong> (en adelante, el TITULAR) y los usuarios del mismo (en adelante, los \u201cusuarios\u201d), la web <strong>que-barato.es<\/strong> (en adelante la WEB), direcci\u00f3n social <strong>Avd. General Gir\u00e1ldez, 13<\/strong> (en adelante la DIRECCI\u00d3N). La navegaci\u00f3n por esta web atribuye la condici\u00f3n de usuario del mismo e implica la aceptaci\u00f3n de este Aviso Legal.<\/p>\n<ul>\n<li><strong>IDENTIFICACI\u00d3N Y COMUNICACIONES<\/strong><\/li>\n<\/ul>\n<p>La EMPRESA en cumplimiento de la Ley 34\/2002, de 11 de julio, de servicios de la sociedad de la informaci\u00f3n y de comercio electr\u00f3nico, le informa de que El Dominio y web: la WEB son propiedad de el TITULAR.<\/p>\n<p>Para comunicarse con nosotros, ponemos a su disposici\u00f3n diferentes medios de contacto que detallamos a continuaci\u00f3n:<\/p>\n<ul>\n<li>Titular del sitio web:\u00a0<strong>Esa XXI, S.C.A<\/strong><\/li>\n<li>Empresa: <em>que-barato.es<\/em> (en adelante, la EMPRESA)<\/li>\n<li>NIF:\u00a0<strong>F-91954420<\/strong><\/li>\n<li>Domicilio Social:\u00a0<strong>Avd. General Gir\u00e1ldez, 13<\/strong><\/li>\n<li>Direcci\u00f3n de correo electr\u00f3nico: <strong>info@que-barato.es<\/strong> (en adelante, el EMAIL)<\/li>\n<li>Tel\u00e9fono:\u00a0<strong><a href=\"tel:954306471\">954 30 64 71<\/a><\/strong><\/li>\n<\/ul>\n<p>Asimismo, le indicamos que el acceso a la P\u00e1gina web (en adelante la EMPRESA) implica la aceptaci\u00f3n de las siguientes condiciones:<\/p>\n<ul>\n<li><strong>PROTECCI\u00d3N DE DATOS Y COMUNICACIONES ELECTR\u00d3NICAS. POL\u00cdTICA DE PRIVACIDAD.<\/strong><\/li>\n<\/ul>\n<p>Los datos que nos suministre a trav\u00e9s de los formularios ser\u00e1n tratados de conformidad con la normativa reguladora de protecci\u00f3n de datos. Se incorporar\u00e1n a un fichero titularidad de la EMPRESA, convenientemente notificado a la Agencia Espa\u00f1ola de Protecci\u00f3n de Datos.<\/p>\n<p>Dichos datos ser\u00e1n tratados por la EMPRESA con las siguientes Finalidades:<\/p>\n<p>3.1 Atender las solicitudes o peticiones que realice a trav\u00e9s de los canales de Atenci\u00f3n al Cliente disponibles<\/p>\n<p>3.2 Contactar con usted a trav\u00e9s de correo electr\u00f3nico, llamadas telef\u00f3nicas, env\u00edo de SMS u otros medios de comunicaci\u00f3n electr\u00f3nicos equivalentes, en la relaci\u00f3n a los productos o servicios o notificaciones informativas relacionados con los mismos, de forma razonable para su ejecuci\u00f3n.<\/p>\n<p>3.3 A trav\u00e9s de la pesta\u00f1a Empleo, trataremos los datos cuando proceda una oferta laboral para ponernos en contacto con el candidato, destruy\u00e9ndose los mismos si este candidato no establece el perfil requerido.<\/p>\n<p>Asimismo, EMPRESA cancelar\u00e1 o rectificar\u00e1 los datos cuando resulten inexactos, incompletos o hayan dejado de ser necesarios o pertinentes para su finalidad, de conformidad con lo previsto en la Ley Org\u00e1nica 15\/1999, de 13 de diciembre, de Protecci\u00f3n de Datos de Car\u00e1cter Personal.<\/p>\n<p>Conforme la Ley Org\u00e1nica de Protecci\u00f3n de Datos, usted tiene reconocidos los derechos de acceso, rectificaci\u00f3n, cancelaci\u00f3n y oposici\u00f3n de sus datos de car\u00e1cter personal que puede ejercitar en cualquier momento en el domicilio de el TITULAR o enviando un correo electr\u00f3nico a el EMAIL, adjuntando Fotocopia del NIF del usuario que lo solicita.<\/p>\n<p>La EMPRESA adopta los niveles de seguridad correspondientes requeridos por la citada Ley Org\u00e1nica 15\/1999 y dem\u00e1s normativa aplicable. No obstante, no asume ninguna responsabilidad por los da\u00f1os y perjuicios derivados de alteraciones que terceros pueden causar en los sistemas inform\u00e1ticos, documentos electr\u00f3nicos o ficheros del usuario.<\/p>\n<p>El Usuario garantiza la autenticidad y actualidad de todos aquellos datos que comunique al TITULAR y ser\u00e1 el \u00fanico responsable de las manifestaciones falsas o inexactas que realice.<\/p>\n<ul>\n<li><strong>CONDICIONES Y SERVICIOS<\/strong><\/li>\n<\/ul>\n<p>El acceso y navegaci\u00f3n en este sitio web implica aceptar y conocer las advertencias legales, condiciones y t\u00e9rminos de uso contenidos en ella. El mero acceso no implica el establecimiento de ning\u00fan tipo de relaci\u00f3n comercial entre la EMPRESA y el usuario. Las presentes condiciones y\/o las de los distintos productos y servicios podr\u00e1n ser modificaciones por la EMPRESA cuando lo estime oportuno. No obstante, las mismas se notificar\u00e1n adecuadamente, y ser\u00e1n v\u00e1lidas desde su publicaci\u00f3n en la web.<\/p>\n<p>La EMPRESA ofrece a trav\u00e9s de su web productos y servicios a los usuarios, los cuales estar\u00e1n sometidos a las condiciones de la presente web, y a los que apliquen para casa uno de los productos y servicios los cuales deber\u00e1 conocer y aceptar, pero en ning\u00fan caso, y salvo manifestaci\u00f3n en contrario las mismas eximir\u00e1n del cumplimiento de las presentes condiciones. La Empresa se podr\u00e1n en contacto con el Usuario v\u00eda email o tel\u00e9fono suministrado para poder concretar la misma.<\/p>\n<p>Idioma Web: Castellano<\/p>\n<p>El Usuario se compromete a abstenerse de utilizar el Servicio con fines o efectos il\u00edcitos, lesivos de los derechos e intereses de terceros, prohibidos o que de cualquier forma puedan da\u00f1ar el Servicio o impedir la normal utilizaci\u00f3n o disfrute de dicho Servicio, los equipos inform\u00e1ticos, el software, los documentos, archivos, y toda clase de contenidos almacenados en los equipos inform\u00e1ticos de la Empresa o de terceros.<\/p>\n<p>Como Medios T\u00e9cnicos para identificar y corregir errores en la introducci\u00f3n de datos, el CMS hace la comprobaci\u00f3n de la estructura dato email, y se Incluye un Captcha de Seguridad en los Formularios.<\/p>\n<p>&nbsp;<\/p>\n<ul>\n<li><strong>CONTENIDOS Y PROPIEDAD INTELECTUAL E INDUSTRIAL<\/strong><\/li>\n<\/ul>\n<p>Los contenidos que se ofrecen a trav\u00e9s de la web son titularidad de la EMPRESA o est\u00e1 autorizado para su distribuci\u00f3n y se encuentran actualizados. La EMPRESA no se responsabiliza de los errores de los contenidos cedidos por terceros que puedan aparecer en su WEB. Asimismo, la EMPRESA se reserva el derecho de modificar los contenidos de la web en cualquier momento.<\/p>\n<p>Queda prohibida cualquier comunicaci\u00f3n o transmisi\u00f3n de contenidos que infrinja los derechos propiedad de terceros y cuyo contenido atente contra la dignidad de la persona o los derechos menores, la legalidad vigente o cualquier conducta que incite o constituya la realizaci\u00f3n de delito penal.<\/p>\n<p>La EMPRESA puede ofrecer enlaces, directa o indirectamente, a otros sitios web independientes de \u00e9sta, con una finalidad meramente informativa, respetando los derechos de la propiedad intelectual.<\/p>\n<p>La informaci\u00f3n administrativa facilitada a trav\u00e9s del sitio web no sustituye la publicidad legal de las leyes, normativas, disposiciones generales y actos que tengan que ser publicados a los diarios oficiales de las administraciones, que constituyen el \u00fanico instrumento que da fe de su autenticidad y contenido. La informaci\u00f3n disponible en este sitio web debe entenderse como una gu\u00eda sin prop\u00f3sito de validez legal.<\/p>\n<ul>\n<li><strong>LIMITACI\u00d3N DE RESPONSABILIDAD. LEGISLACI\u00d3N Y JURISDICCI\u00d3N<\/strong><\/li>\n<\/ul>\n<p>LA EMPRESA no se responsabilizar\u00e1 del mal uso que el usuario pueda realizar de su web, ni de los virus u otros elementos que pudieran existir y causar da\u00f1os en los sistemas inform\u00e1ticos, en los documentos electr\u00f3nicos o en los ficheros de los usuarios de su web o de la web de terceros.<\/p>\n<p>El incumplimiento de las leyes, la buena fe, el orden p\u00fablico, los usos del tr\u00e1fico y el presente aviso legal como consecuencia del uso incorrecto del sitio web. En particular, y a modo ejemplificativo, EL PROPIETARIO DE LA WEB no se hace responsable de las actuaciones de terceros que vulneren derechos de propiedad intelectual e industrial, secretos empresariales, derechos al honor, a la intimidad personal y familiar y a la propia imagen, as\u00ed como la normativa en materia de competencia desleal y publicidad il\u00edcita.<\/p>\n<p>El cumplimiento, ejecuci\u00f3n e interpretaci\u00f3n del presente contrato por LA EMPRESA estar\u00e1 sujeto a la legislaci\u00f3n espa\u00f1ola y en caso de controversia, el presente acuerdo queda sometido a la jurisdicci\u00f3n de los Juzgados y Tribunales Competentes.[\/vc_column_text][\/vc_column][\/vc_row]\n","protected":false},"excerpt":{"rendered":"<p>[vc_row][vc_column][vc_column_text css=\u00bb.vc_custom_1603276413819{margin-bottom: 0px !important;}\u00bb] OBJETO Y ACEPTACI\u00d3N El presente AVISO LEGAL tiene por objeto regular el acceso, navegaci\u00f3n y, en general, la relaci\u00f3n entre Esa XXI, S.C.A (en adelante, el TITULAR) y los usuarios del mismo (en adelante, los \u201cusuarios\u201d), la web que-barato.es (en adelante la WEB), direcci\u00f3n social Avd. General Gir\u00e1ldez, 13 (en adelante [&hellip;]<\/p>\n","protected":false},"author":3,"featured_media":0,"parent":0,"menu_order":0,"comment_status":"closed","ping_status":"closed","template":"","meta":{"footnotes":""},"yoast_head":"<!-- This site is optimized with the Yoast SEO plugin v21.2 - https:\/\/yoast.com\/wordpress\/plugins\/seo\/ -->\n<title>Aviso legal | Que Sof\u00e1s Blog<\/title>\n<meta name=\"robots\" content=\"noindex, nofollow\" \/>\n<meta property=\"og:locale\" content=\"es_ES\" \/>\n<meta property=\"og:type\" content=\"article\" \/>\n<meta property=\"og:title\" content=\"Aviso legal | Que Sof\u00e1s Blog\" \/>\n<meta property=\"og:description\" content=\"[vc_row][vc_column][vc_column_text css=\u00bb.vc_custom_1603276413819{margin-bottom: 0px !important;}\u00bb] OBJETO Y ACEPTACI\u00d3N El presente AVISO LEGAL tiene por objeto regular el acceso, navegaci\u00f3n y, en general, la relaci\u00f3n entre Esa XXI, S.C.A (en adelante, el TITULAR) y los usuarios del mismo (en adelante, los \u201cusuarios\u201d), la web que-barato.es (en adelante la WEB), direcci\u00f3n social Avd. General Gir\u00e1ldez, 13 (en adelante [&hellip;]\" \/>\n<meta property=\"og:url\" content=\"https:\/\/que-sofas.es\/blog\/aviso-legal\/\" \/>\n<meta property=\"og:site_name\" content=\"Que Sof\u00e1s Blog\" \/>\n<meta property=\"article:publisher\" content=\"https:\/\/www.facebook.com\/quesofasbarato\" \/>\n<meta property=\"article:modified_time\" content=\"2020-10-21T10:33:35+00:00\" \/>\n<meta name=\"twitter:card\" content=\"summary_large_image\" \/>\n<meta name=\"twitter:label1\" content=\"Tiempo de lectura\" \/>\n\t<meta name=\"twitter:data1\" content=\"6 minutos\" \/>\n<script type=\"application\/ld+json\" class=\"yoast-schema-graph\">{\"@context\":\"https:\/\/schema.org\",\"@graph\":[{\"@type\":\"WebPage\",\"@id\":\"https:\/\/que-sofas.es\/blog\/aviso-legal\/\",\"url\":\"https:\/\/que-sofas.es\/blog\/aviso-legal\/\",\"name\":\"Aviso legal | Que Sof\u00e1s Blog\",\"isPartOf\":{\"@id\":\"https:\/\/que-sofas.es\/blog\/#website\"},\"datePublished\":\"2019-03-12T09:27:52+00:00\",\"dateModified\":\"2020-10-21T10:33:35+00:00\",\"breadcrumb\":{\"@id\":\"https:\/\/que-sofas.es\/blog\/aviso-legal\/#breadcrumb\"},\"inLanguage\":\"es\",\"potentialAction\":[{\"@type\":\"ReadAction\",\"target\":[\"https:\/\/que-sofas.es\/blog\/aviso-legal\/\"]}]},{\"@type\":\"BreadcrumbList\",\"@id\":\"https:\/\/que-sofas.es\/blog\/aviso-legal\/#breadcrumb\",\"itemListElement\":[{\"@type\":\"ListItem\",\"position\":1,\"name\":\"Portada\",\"item\":\"https:\/\/que-sofas.es\/blog\/\"},{\"@type\":\"ListItem\",\"position\":2,\"name\":\"Aviso legal\"}]},{\"@type\":\"WebSite\",\"@id\":\"https:\/\/que-sofas.es\/blog\/#website\",\"url\":\"https:\/\/que-sofas.es\/blog\/\",\"name\":\"Que Sof\u00e1s Blog\",\"description\":\"\u00a1El blog de Que Sof\u00e1s!\",\"publisher\":{\"@id\":\"https:\/\/que-sofas.es\/blog\/#organization\"},\"potentialAction\":[{\"@type\":\"SearchAction\",\"target\":{\"@type\":\"EntryPoint\",\"urlTemplate\":\"https:\/\/que-sofas.es\/blog\/?s={search_term_string}\"},\"query-input\":\"required name=search_term_string\"}],\"inLanguage\":\"es\"},{\"@type\":\"Organization\",\"@id\":\"https:\/\/que-sofas.es\/blog\/#organization\",\"name\":\"Que Sof\u00e1s\",\"url\":\"https:\/\/que-sofas.es\/blog\/\",\"logo\":{\"@type\":\"ImageObject\",\"inLanguage\":\"es\",\"@id\":\"https:\/\/que-sofas.es\/blog\/#\/schema\/logo\/image\/\",\"url\":\"https:\/\/que-sofas.es\/blog\/wp-content\/uploads\/2023\/08\/logo-que-sofas-200x40px-2.png\",\"contentUrl\":\"https:\/\/que-sofas.es\/blog\/wp-content\/uploads\/2023\/08\/logo-que-sofas-200x40px-2.png\",\"width\":171,\"height\":39,\"caption\":\"Que Sof\u00e1s\"},\"image\":{\"@id\":\"https:\/\/que-sofas.es\/blog\/#\/schema\/logo\/image\/\"},\"sameAs\":[\"https:\/\/www.facebook.com\/quesofasbarato\",\"https:\/\/www.instagram.com\/que_sofas\/\"]}]}<\/script>\n<!-- \/ Yoast SEO plugin. -->","yoast_head_json":{"title":"Aviso legal | Que Sof\u00e1s Blog","robots":{"index":"noindex","follow":"nofollow"},"og_locale":"es_ES","og_type":"article","og_title":"Aviso legal | Que Sof\u00e1s Blog","og_description":"[vc_row][vc_column][vc_column_text css=\u00bb.vc_custom_1603276413819{margin-bottom: 0px !important;}\u00bb] OBJETO Y ACEPTACI\u00d3N El presente AVISO LEGAL tiene por objeto regular el acceso, navegaci\u00f3n y, en general, la relaci\u00f3n entre Esa XXI, S.C.A (en adelante, el TITULAR) y los usuarios del mismo (en adelante, los \u201cusuarios\u201d), la web que-barato.es (en adelante la WEB), direcci\u00f3n social Avd. General Gir\u00e1ldez, 13 (en adelante [&hellip;]","og_url":"https:\/\/que-sofas.es\/blog\/aviso-legal\/","og_site_name":"Que Sof\u00e1s Blog","article_publisher":"https:\/\/www.facebook.com\/quesofasbarato","article_modified_time":"2020-10-21T10:33:35+00:00","twitter_card":"summary_large_image","twitter_misc":{"Tiempo de lectura":"6 minutos"},"schema":{"@context":"https:\/\/schema.org","@graph":[{"@type":"WebPage","@id":"https:\/\/que-sofas.es\/blog\/aviso-legal\/","url":"https:\/\/que-sofas.es\/blog\/aviso-legal\/","name":"Aviso legal | Que Sof\u00e1s Blog","isPartOf":{"@id":"https:\/\/que-sofas.es\/blog\/#website"},"datePublished":"2019-03-12T09:27:52+00:00","dateModified":"2020-10-21T10:33:35+00:00","breadcrumb":{"@id":"https:\/\/que-sofas.es\/blog\/aviso-legal\/#breadcrumb"},"inLanguage":"es","potentialAction":[{"@type":"ReadAction","target":["https:\/\/que-sofas.es\/blog\/aviso-legal\/"]}]},{"@type":"BreadcrumbList","@id":"https:\/\/que-sofas.es\/blog\/aviso-legal\/#breadcrumb","itemListElement":[{"@type":"ListItem","position":1,"name":"Portada","item":"https:\/\/que-sofas.es\/blog\/"},{"@type":"ListItem","position":2,"name":"Aviso legal"}]},{"@type":"WebSite","@id":"https:\/\/que-sofas.es\/blog\/#website","url":"https:\/\/que-sofas.es\/blog\/","name":"Que Sof\u00e1s Blog","description":"\u00a1El blog de Que Sof\u00e1s!","publisher":{"@id":"https:\/\/que-sofas.es\/blog\/#organization"},"potentialAction":[{"@type":"SearchAction","target":{"@type":"EntryPoint","urlTemplate":"https:\/\/que-sofas.es\/blog\/?s={search_term_string}"},"query-input":"required name=search_term_string"}],"inLanguage":"es"},{"@type":"Organization","@id":"https:\/\/que-sofas.es\/blog\/#organization","name":"Que Sof\u00e1s","url":"https:\/\/que-sofas.es\/blog\/","logo":{"@type":"ImageObject","inLanguage":"es","@id":"https:\/\/que-sofas.es\/blog\/#\/schema\/logo\/image\/","url":"https:\/\/que-sofas.es\/blog\/wp-content\/uploads\/2023\/08\/logo-que-sofas-200x40px-2.png","contentUrl":"https:\/\/que-sofas.es\/blog\/wp-content\/uploads\/2023\/08\/logo-que-sofas-200x40px-2.png","width":171,"height":39,"caption":"Que Sof\u00e1s"},"image":{"@id":"https:\/\/que-sofas.es\/blog\/#\/schema\/logo\/image\/"},"sameAs":["https:\/\/www.facebook.com\/quesofasbarato","https:\/\/www.instagram.com\/que_sofas\/"]}]}},"_links":{"self":[{"href":"https:\/\/que-sofas.es\/blog\/wp-json\/wp\/v2\/pages\/29"}],"collection":[{"href":"https:\/\/que-sofas.es\/blog\/wp-json\/wp\/v2\/pages"}],"about":[{"href":"https:\/\/que-sofas.es\/blog\/wp-json\/wp\/v2\/types\/page"}],"author":[{"embeddable":true,"href":"https:\/\/que-sofas.es\/blog\/wp-json\/wp\/v2\/users\/3"}],"replies":[{"embeddable":true,"href":"https:\/\/que-sofas.es\/blog\/wp-json\/wp\/v2\/comments?post=29"}],"version-history":[{"count":2,"href":"https:\/\/que-sofas.es\/blog\/wp-json\/wp\/v2\/pages\/29\/revisions"}],"predecessor-version":[{"id":3407,"href":"https:\/\/que-sofas.es\/blog\/wp-json\/wp\/v2\/pages\/29\/revisions\/3407"}],"wp:attachment":[{"href":"https:\/\/que-sofas.es\/blog\/wp-json\/wp\/v2\/media?parent=29"}],"curies":[{"name":"wp","href":"https:\/\/api.w.org\/{rel}","templated":true}]}}