{"version":"1.0","provider_name":"Que Sof\u00e1s Blog","provider_url":"https:\/\/que-sofas.es\/blog","author_name":"Que Barato","author_url":"https:\/\/que-sofas.es\/blog\/author\/businessgo_2020\/","title":"El tama\u00f1o s\u00ed que importa | Qu\u00e9 Barato Blog","type":"rich","width":600,"height":338,"html":"<blockquote class=\"wp-embedded-content\" data-secret=\"ySrrqn1umS\"><a href=\"https:\/\/que-sofas.es\/blog\/el-tamano-si-que-importa\/\">El tama\u00f1o s\u00ed que importa<\/a><\/blockquote><iframe sandbox=\"allow-scripts\" security=\"restricted\" src=\"https:\/\/que-sofas.es\/blog\/el-tamano-si-que-importa\/embed\/#?secret=ySrrqn1umS\" width=\"600\" height=\"338\" title=\"\u00abEl tama\u00f1o s\u00ed que importa\u00bb \u2014 Que Sof\u00e1s Blog\" data-secret=\"ySrrqn1umS\" frameborder=\"0\" marginwidth=\"0\" marginheight=\"0\" scrolling=\"no\" class=\"wp-embedded-content\"><\/iframe><script type=\"text\/javascript\">\n\/*! This file is auto-generated *\/\n!function(c,d){\"use strict\";var e=!1,o=!1;if(d.querySelector)if(c.addEventListener)e=!0;if(c.wp=c.wp||{},c.wp.receiveEmbedMessage);else if(c.wp.receiveEmbedMessage=function(e){var t=e.data;if(!t);else if(!(t.secret||t.message||t.value));else if(\/[^a-zA-Z0-9]\/.test(t.secret));else{for(var r,s,a,i=d.querySelectorAll('iframe[data-secret=\"'+t.secret+'\"]'),n=d.querySelectorAll('blockquote[data-secret=\"'+t.secret+'\"]'),o=new RegExp(\"^https?:$\",\"i\"),l=0;l<n.length;l++)n[l].style.display=\"none\";for(l=0;l<i.length;l++)if(r=i[l],e.source!==r.contentWindow);else{if(r.removeAttribute(\"style\"),\"height\"===t.message){if(1e3<(s=parseInt(t.value,10)))s=1e3;else if(~~s<200)s=200;r.height=s}if(\"link\"===t.message)if(s=d.createElement(\"a\"),a=d.createElement(\"a\"),s.href=r.getAttribute(\"src\"),a.href=t.value,!o.test(a.protocol));else if(a.host===s.host)if(d.activeElement===r)c.top.location.href=t.value}}},e)c.addEventListener(\"message\",c.wp.receiveEmbedMessage,!1),d.addEventListener(\"DOMContentLoaded\",t,!1),c.addEventListener(\"load\",t,!1);function t(){if(o);else{o=!0;for(var e,t,r,s=-1!==navigator.appVersion.indexOf(\"MSIE 10\"),a=!!navigator.userAgent.match(\/Trident.*rv:11\\.\/),i=d.querySelectorAll(\"iframe.wp-embedded-content\"),n=0;n<i.length;n++){if(!(r=(t=i[n]).getAttribute(\"data-secret\")))r=Math.random().toString(36).substr(2,10),t.src+=\"#?secret=\"+r,t.setAttribute(\"data-secret\",r);if(s||a)(e=t.cloneNode(!0)).removeAttribute(\"security\"),t.parentNode.replaceChild(e,t);t.contentWindow.postMessage({message:\"ready\",secret:r},\"*\")}}}}(window,document);\n<\/script>\n","thumbnail_url":"https:\/\/que-sofas.es\/blog\/wp-content\/uploads\/2020\/04\/photo-of-bedroom-2082093_opt.jpg","thumbnail_width":400,"thumbnail_height":198,"description":"La decoraci\u00f3n de nuestros hogares para muchos supone un enorme quebradero de cabeza y m\u00e1s cuando la superficie media de la vivienda en Espa\u00f1a se reduce cada vez m\u00e1s. Sin embargo, esto debemos verlo como un ejercicio de s\u00edntesis en el que cada cent\u00edmetro cuente, porque no existen espacios peque\u00f1os sino mal utilizados. As\u00ed que, [&hellip;]"}